{"id":633,"date":"2019-01-11T09:54:51","date_gmt":"2019-01-11T08:54:51","guid":{"rendered":"https:\/\/www.georgesnaef.com\/?page_id=633"},"modified":"2019-01-11T09:54:51","modified_gmt":"2019-01-11T08:54:51","slug":"jean-calvin-et-notre-temps-actualite-de-la-reforme","status":"publish","type":"page","link":"https:\/\/www.naef.douce-france.net\/index.php\/jean-calvin-et-notre-temps-actualite-de-la-reforme\/","title":{"rendered":"Jean Calvin et notre temps &#8211; Actualit\u00e9 de la R\u00e9forme"},"content":{"rendered":"<p><span style=\"font-size: 10pt;\"><span style=\"font-family: arial, helvetica, sans-serif; color: #000080;\"><strong><em><img loading=\"lazy\" decoding=\"async\" class=\"size-medium wp-image-292 alignleft\" src=\"https:\/\/www.georgesnaef.com\/wp-content\/uploads\/2018\/12\/Jean-Calvin-et-notre-temps-201x300.jpg\" alt=\"\" width=\"201\" height=\"300\" srcset=\"https:\/\/www.naef.douce-france.net\/wp-content\/uploads\/2018\/12\/Jean-Calvin-et-notre-temps-201x300.jpg 201w, https:\/\/www.naef.douce-france.net\/wp-content\/uploads\/2018\/12\/Jean-Calvin-et-notre-temps.jpg 335w\" sizes=\"auto, (max-width: 201px) 100vw, 201px\" \/>Henri Babel<br \/>\n<\/em><\/strong><\/span><\/span><span style=\"font-family: arial, helvetica, sans-serif; font-size: 10pt;\">A l&rsquo;occasion du 500e anniversaire de la naissance de J. Calvin, le doyen des pasteurs de la cath\u00e9drale Saint-Pierre de Gen\u00e8ve retrace le parcours de celui qui fonda le calvinisme. Il montre ainsi en quoi la doctrine du r\u00e9formateur conserve une actualit\u00e9 et de quelle fa\u00e7on sa vision de la religion, de la soci\u00e9t\u00e9 et du monde peut \u00eatre adapt\u00e9e \u00e0 la soci\u00e9t\u00e9 contemporaine.<\/span><\/p>\n<p><span style=\"font-family: arial, helvetica, sans-serif; font-size: 12pt;\"><strong>\u20ac 24.&#8211;&nbsp; &nbsp;CHF 29.&#8211;<\/strong><\/span><\/p>\n","protected":false},"excerpt":{"rendered":"<p>Henri Babel A l&rsquo;occasion du 500e anniversaire de la naissance de J. Calvin, le doyen des pasteurs de la cath\u00e9drale Saint-Pierre de Gen\u00e8ve retrace le parcours de celui qui fonda le calvinisme. Il montre ainsi en quoi la doctrine du r\u00e9formateur conserve une actualit\u00e9 et de quelle fa\u00e7on sa vision de la religion, de la [&hellip;]<\/p>\n","protected":false},"author":2,"featured_media":0,"parent":0,"menu_order":0,"comment_status":"closed","ping_status":"closed","template":"","meta":{"ngg_post_thumbnail":0,"footnotes":""},"class_list":["post-633","page","type-page","status-publish","hentry"],"_links":{"self":[{"href":"https:\/\/www.naef.douce-france.net\/index.php\/wp-json\/wp\/v2\/pages\/633","targetHints":{"allow":["GET"]}}],"collection":[{"href":"https:\/\/www.naef.douce-france.net\/index.php\/wp-json\/wp\/v2\/pages"}],"about":[{"href":"https:\/\/www.naef.douce-france.net\/index.php\/wp-json\/wp\/v2\/types\/page"}],"author":[{"embeddable":true,"href":"https:\/\/www.naef.douce-france.net\/index.php\/wp-json\/wp\/v2\/users\/2"}],"replies":[{"embeddable":true,"href":"https:\/\/www.naef.douce-france.net\/index.php\/wp-json\/wp\/v2\/comments?post=633"}],"version-history":[{"count":0,"href":"https:\/\/www.naef.douce-france.net\/index.php\/wp-json\/wp\/v2\/pages\/633\/revisions"}],"wp:attachment":[{"href":"https:\/\/www.naef.douce-france.net\/index.php\/wp-json\/wp\/v2\/media?parent=633"}],"curies":[{"name":"wp","href":"https:\/\/api.w.org\/{rel}","templated":true}]}}