{"id":619,"date":"2019-01-10T15:36:21","date_gmt":"2019-01-10T14:36:21","guid":{"rendered":"https:\/\/www.georgesnaef.com\/?page_id=619"},"modified":"2019-01-10T15:36:21","modified_gmt":"2019-01-10T14:36:21","slug":"rocamadour-entre-terre-et-ciel-2","status":"publish","type":"page","link":"https:\/\/www.naef.douce-france.net\/index.php\/rocamadour-entre-terre-et-ciel-2\/","title":{"rendered":"Rocamadour &#8211; Entre terre et ciel"},"content":{"rendered":"<p><span style=\"font-size: 10pt;\"><span style=\"font-family: arial, helvetica, sans-serif; color: #000080;\"><strong><em><img loading=\"lazy\" decoding=\"async\" class=\"size-medium wp-image-309 alignleft\" src=\"https:\/\/www.georgesnaef.com\/wp-content\/uploads\/2018\/12\/Rocamadour-Entre-terre-et-ciel-300x226.jpg\" alt=\"\" width=\"300\" height=\"226\" srcset=\"https:\/\/www.naef.douce-france.net\/wp-content\/uploads\/2018\/12\/Rocamadour-Entre-terre-et-ciel-300x226.jpg 300w, https:\/\/www.naef.douce-france.net\/wp-content\/uploads\/2018\/12\/Rocamadour-Entre-terre-et-ciel.jpg 475w\" sizes=\"auto, (max-width: 300px) 100vw, 300px\" \/>Pierre-Etienne Vincent, Isabelle Combelles<br \/>\n<\/em><\/strong><\/span><\/span><span style=\"font-family: arial, helvetica, sans-serif; font-size: 10pt;\">Au coeur du parc naturel r\u00e9gional des Causses du Quercy, en lisi\u00e8re d&rsquo;un P\u00e9rigord noir de ses ch\u00eanes sombres et des truffes de son sol, se dresse, dans la blancheur calcaire \u00e9blouissante, le site de Rocamadour. Chaque ann\u00e9e, un million et demi de visiteurs se lancent \u00e0 l&rsquo;assaut de ses ruelles escarp\u00e9es, hissant cette petite commune du Lot aux 677 \u00e2mes en t\u00eate des lieux touristiques fran\u00e7ais les plus visit\u00e9s.&nbsp;<br \/>\nRocamadour, c&rsquo;est une parcelle de Moyen-Age accroch\u00e9e de toutes ses forces \u00e0 un piton de pierre calcaire dominant la vall\u00e9e, la rivi\u00e8re, dominant les gouffres, grottes et cavernes, vestiges d&rsquo;un autre temps, plus ancien encore. L&rsquo;une des beaut\u00e9s de Rocamadour est abrit\u00e9e dans la Chapelle Notre-Dame : c&rsquo;est la fameuse vierge noire sculpt\u00e9e en bois de noyer. Majest\u00e9 et soif d&rsquo;\u00e9l\u00e9vation semblent vibrer partout \u00e0 Rocamadour : haut lieu de p\u00e8lerinage sur la route de Saint Jacques de Compostelle.&nbsp;<br \/>\nJadis, les p\u00e9nitents gravissaient sur les genoux les deux-cent seize marches conduisant \u00e0 la cit\u00e9 religieuse, v\u00e9ritable chemin de croix dont la pierre semble avoir gard\u00e9 m\u00e9moire. Si les cieux attendent l&rsquo;homme de foi, le ciel de Rocamadour attend l&rsquo;homme en qu\u00eate d&rsquo;\u00e9toiles. Aujourd&rsquo;hui tous les regards sont tourn\u00e9s vers Notre Dame de Rocamadour qui f\u00eate en 2013 ses mille ans. Ce lieu de p\u00e8lerinage, parmi les plus anciens et les plus courus au monde, dont on parle en patois, en breton ou avec l&rsquo;accent du Qu\u00e9bec, demeure un site atypique entre terre et ciel, o\u00f9 se c\u00f4toient amoureux des pierres, marcheurs, marins, croyants ou simples chercheurs de paix.&nbsp;<br \/>\nMille regards. Il ne reste qu&rsquo;\u00e0 y ajouter le v\u00f4tre !<\/span><\/p>\n<p><span style=\"font-family: arial, helvetica, sans-serif; font-size: 12pt;\"><strong>\u20ac 24.&#8211;&nbsp; &nbsp;CHF 29.&#8211;<\/strong><\/span><\/p>\n","protected":false},"excerpt":{"rendered":"<p>Pierre-Etienne Vincent, Isabelle Combelles Au coeur du parc naturel r\u00e9gional des Causses du Quercy, en lisi\u00e8re d&rsquo;un P\u00e9rigord noir de ses ch\u00eanes sombres et des truffes de son sol, se dresse, dans la blancheur calcaire \u00e9blouissante, le site de Rocamadour. Chaque ann\u00e9e, un million et demi de visiteurs se lancent \u00e0 l&rsquo;assaut de ses ruelles [&hellip;]<\/p>\n","protected":false},"author":2,"featured_media":0,"parent":0,"menu_order":0,"comment_status":"closed","ping_status":"closed","template":"","meta":{"ngg_post_thumbnail":0,"footnotes":""},"class_list":["post-619","page","type-page","status-publish","hentry"],"_links":{"self":[{"href":"https:\/\/www.naef.douce-france.net\/index.php\/wp-json\/wp\/v2\/pages\/619","targetHints":{"allow":["GET"]}}],"collection":[{"href":"https:\/\/www.naef.douce-france.net\/index.php\/wp-json\/wp\/v2\/pages"}],"about":[{"href":"https:\/\/www.naef.douce-france.net\/index.php\/wp-json\/wp\/v2\/types\/page"}],"author":[{"embeddable":true,"href":"https:\/\/www.naef.douce-france.net\/index.php\/wp-json\/wp\/v2\/users\/2"}],"replies":[{"embeddable":true,"href":"https:\/\/www.naef.douce-france.net\/index.php\/wp-json\/wp\/v2\/comments?post=619"}],"version-history":[{"count":0,"href":"https:\/\/www.naef.douce-france.net\/index.php\/wp-json\/wp\/v2\/pages\/619\/revisions"}],"wp:attachment":[{"href":"https:\/\/www.naef.douce-france.net\/index.php\/wp-json\/wp\/v2\/media?parent=619"}],"curies":[{"name":"wp","href":"https:\/\/api.w.org\/{rel}","templated":true}]}}