{"id":616,"date":"2019-01-10T15:30:35","date_gmt":"2019-01-10T14:30:35","guid":{"rendered":"https:\/\/www.georgesnaef.com\/?page_id=616"},"modified":"2019-01-10T15:30:35","modified_gmt":"2019-01-10T14:30:35","slug":"el-puro-fumeurs-de-cigares-a-santiago-de-cuba","status":"publish","type":"page","link":"https:\/\/www.naef.douce-france.net\/index.php\/el-puro-fumeurs-de-cigares-a-santiago-de-cuba\/","title":{"rendered":"El Puro &#8211; Fumeurs de Cigares \u00e0 Santiago de Cuba"},"content":{"rendered":"<p><span style=\"font-size: 10pt;\"><span style=\"font-family: arial, helvetica, sans-serif; color: #000080;\"><strong><em><img loading=\"lazy\" decoding=\"async\" class=\"size-medium wp-image-99 alignleft\" src=\"https:\/\/www.georgesnaef.com\/wp-content\/uploads\/2018\/12\/El-Puro-227x300.jpg\" alt=\"\" width=\"227\" height=\"300\" srcset=\"https:\/\/www.naef.douce-france.net\/wp-content\/uploads\/2018\/12\/El-Puro-227x300.jpg 227w, https:\/\/www.naef.douce-france.net\/wp-content\/uploads\/2018\/12\/El-Puro.jpg 378w\" sizes=\"auto, (max-width: 227px) 100vw, 227px\" \/>Patrick Blanche<br \/>\n<\/em><\/strong><\/span><\/span><span style=\"font-family: arial, helvetica, sans-serif; font-size: 10pt;\">Cuba, le Puro (cigare), fait partie int\u00e9grante de l&rsquo;identit\u00e9 nationale et constitue un v\u00e9ritable art de vivre. Des vieux \u00e9dent\u00e9s m\u00e2chent un double corona, des ouvriers arborent des robustos fra\u00eechement roul\u00e9s et des femmes plantureuses allument des panetelas. Ces portraits illustrent une vraie curiosit\u00e9 ethnologique de Santiago de Cuba. La force d&rsquo;expression de ces visages m\u00e9tiss\u00e9s souvent creus\u00e9s par l&rsquo;\u00e2ge, le soleil et la fum\u00e9e semble chaque fois raconter quelque chose.&nbsp;<br \/>\nLes regards sont joyeux, moqueurs, absents ou graves, les poses affect\u00e9es ou d\u00e9tach\u00e9es&#8230; Entre deux bouff\u00e9es, ces mod\u00e8les improvis\u00e9s se sont d\u00e9voil\u00e9s, ont livr\u00e9 leur histoire, quelques bribes de leur vie. Dans cet ouvrage, les photographies exceptionnelles r\u00e9alis\u00e9es par Patrick Blanche nous font d\u00e9couvrir une nouvelle facette de Cuba, nous transportent vers un ailleurs, pas seulement g\u00e9ographique.<\/span><\/p>\n<p><span style=\"font-family: arial, helvetica, sans-serif; font-size: 12pt;\"><strong>\u20ac 28.&#8211;&nbsp; &nbsp;CHF 34.&#8211;<\/strong><\/span><\/p>\n","protected":false},"excerpt":{"rendered":"<p>Patrick Blanche Cuba, le Puro (cigare), fait partie int\u00e9grante de l&rsquo;identit\u00e9 nationale et constitue un v\u00e9ritable art de vivre. Des vieux \u00e9dent\u00e9s m\u00e2chent un double corona, des ouvriers arborent des robustos fra\u00eechement roul\u00e9s et des femmes plantureuses allument des panetelas. Ces portraits illustrent une vraie curiosit\u00e9 ethnologique de Santiago de Cuba. La force d&rsquo;expression de [&hellip;]<\/p>\n","protected":false},"author":2,"featured_media":0,"parent":0,"menu_order":0,"comment_status":"closed","ping_status":"closed","template":"","meta":{"ngg_post_thumbnail":0,"footnotes":""},"class_list":["post-616","page","type-page","status-publish","hentry"],"_links":{"self":[{"href":"https:\/\/www.naef.douce-france.net\/index.php\/wp-json\/wp\/v2\/pages\/616","targetHints":{"allow":["GET"]}}],"collection":[{"href":"https:\/\/www.naef.douce-france.net\/index.php\/wp-json\/wp\/v2\/pages"}],"about":[{"href":"https:\/\/www.naef.douce-france.net\/index.php\/wp-json\/wp\/v2\/types\/page"}],"author":[{"embeddable":true,"href":"https:\/\/www.naef.douce-france.net\/index.php\/wp-json\/wp\/v2\/users\/2"}],"replies":[{"embeddable":true,"href":"https:\/\/www.naef.douce-france.net\/index.php\/wp-json\/wp\/v2\/comments?post=616"}],"version-history":[{"count":0,"href":"https:\/\/www.naef.douce-france.net\/index.php\/wp-json\/wp\/v2\/pages\/616\/revisions"}],"wp:attachment":[{"href":"https:\/\/www.naef.douce-france.net\/index.php\/wp-json\/wp\/v2\/media?parent=616"}],"curies":[{"name":"wp","href":"https:\/\/api.w.org\/{rel}","templated":true}]}}