{"id":580,"date":"2019-01-07T15:38:52","date_gmt":"2019-01-07T14:38:52","guid":{"rendered":"https:\/\/www.georgesnaef.com\/?page_id=580"},"modified":"2019-01-07T15:38:52","modified_gmt":"2019-01-07T14:38:52","slug":"japon-mon-amour-2","status":"publish","type":"page","link":"https:\/\/www.naef.douce-france.net\/index.php\/japon-mon-amour-2\/","title":{"rendered":"Japon mon amour"},"content":{"rendered":"<p><span style=\"font-size: 10pt;\"><span style=\"font-family: arial, helvetica, sans-serif; color: #000080;\"><strong><em><img loading=\"lazy\" decoding=\"async\" class=\"size-medium wp-image-291 alignleft\" src=\"https:\/\/www.georgesnaef.com\/wp-content\/uploads\/2018\/12\/Japon-mon-amour-300x279.jpg\" alt=\"\" width=\"300\" height=\"279\" srcset=\"https:\/\/www.naef.douce-france.net\/wp-content\/uploads\/2018\/12\/Japon-mon-amour-300x279.jpg 300w, https:\/\/www.naef.douce-france.net\/wp-content\/uploads\/2018\/12\/Japon-mon-amour.jpg 475w\" sizes=\"auto, (max-width: 300px) 100vw, 300px\" \/>&nbsp;Philippe Val\u00e9ry<br \/>\n<\/em><\/strong><\/span><\/span><span style=\"font-family: arial, helvetica, sans-serif; font-size: 10pt;\">C&rsquo;est une vision personnelle, \u00e0 la fois critique et r\u00e9solument amoureuse du Japon que cet \u00e9clectique voyageur nous livre ici. Vision agr\u00e9ment\u00e9e de photos qui nous donne \u00e0 aimer, tout autant que ses temples et ses tr\u00e9sors architecturaux, l&rsquo;esth\u00e9tique et le sens de la perfection d&rsquo;un peuple \u00e0 nul autre pareil. Dans l&rsquo;esprit \u00e0 l&rsquo;ancienne de ses ma\u00eetres &#8211; photographes pass\u00e9s par le Japon (Nicolas Bouvier, Werner Bischof, Marc Riboud, Henri Cartier-Bresson, Michael Kenna) et du Sud du Kyushu \u00e0 l&rsquo;\u00eele de Rishiri au Nord du Hokka\u00efdo, en passant notamment par Nagasaki, Miyajima, Hiroshima, Kyoto, Nara, les plantations de th\u00e9 de Uji, Ise, le Mont Fuji, Tokyo ou Aomori.<\/span><\/p>\n<p><span style=\"font-family: arial, helvetica, sans-serif; font-size: 12pt;\"><strong>\u20ac 42.- &#8211;&nbsp; &nbsp;CHF 54.- &#8211;<\/strong><\/span><\/p>\n","protected":false},"excerpt":{"rendered":"<p>&nbsp;Philippe Val\u00e9ry C&rsquo;est une vision personnelle, \u00e0 la fois critique et r\u00e9solument amoureuse du Japon que cet \u00e9clectique voyageur nous livre ici. Vision agr\u00e9ment\u00e9e de photos qui nous donne \u00e0 aimer, tout autant que ses temples et ses tr\u00e9sors architecturaux, l&rsquo;esth\u00e9tique et le sens de la perfection d&rsquo;un peuple \u00e0 nul autre pareil. Dans l&rsquo;esprit [&hellip;]<\/p>\n","protected":false},"author":2,"featured_media":0,"parent":0,"menu_order":0,"comment_status":"closed","ping_status":"closed","template":"","meta":{"ngg_post_thumbnail":0,"footnotes":""},"class_list":["post-580","page","type-page","status-publish","hentry"],"_links":{"self":[{"href":"https:\/\/www.naef.douce-france.net\/index.php\/wp-json\/wp\/v2\/pages\/580","targetHints":{"allow":["GET"]}}],"collection":[{"href":"https:\/\/www.naef.douce-france.net\/index.php\/wp-json\/wp\/v2\/pages"}],"about":[{"href":"https:\/\/www.naef.douce-france.net\/index.php\/wp-json\/wp\/v2\/types\/page"}],"author":[{"embeddable":true,"href":"https:\/\/www.naef.douce-france.net\/index.php\/wp-json\/wp\/v2\/users\/2"}],"replies":[{"embeddable":true,"href":"https:\/\/www.naef.douce-france.net\/index.php\/wp-json\/wp\/v2\/comments?post=580"}],"version-history":[{"count":0,"href":"https:\/\/www.naef.douce-france.net\/index.php\/wp-json\/wp\/v2\/pages\/580\/revisions"}],"wp:attachment":[{"href":"https:\/\/www.naef.douce-france.net\/index.php\/wp-json\/wp\/v2\/media?parent=580"}],"curies":[{"name":"wp","href":"https:\/\/api.w.org\/{rel}","templated":true}]}}