{"id":561,"date":"2019-01-07T14:58:11","date_gmt":"2019-01-07T13:58:11","guid":{"rendered":"https:\/\/www.georgesnaef.com\/?page_id=561"},"modified":"2019-01-07T14:58:11","modified_gmt":"2019-01-07T13:58:11","slug":"tibet-voyage-en-terre-interieure-2","status":"publish","type":"page","link":"https:\/\/www.naef.douce-france.net\/index.php\/tibet-voyage-en-terre-interieure-2\/","title":{"rendered":"Tibet. Voyage en terre int\u00e9rieure"},"content":{"rendered":"<p><span style=\"font-size: 10pt;\"><span style=\"font-family: arial, helvetica, sans-serif; color: #000080;\"><strong><em><img loading=\"lazy\" decoding=\"async\" class=\"size-medium wp-image-312 alignleft\" src=\"https:\/\/www.georgesnaef.com\/wp-content\/uploads\/2018\/12\/Tibet-Voyage-en-terre-int\u00e9rieure-300x291.jpg\" alt=\"\" width=\"300\" height=\"291\">Sylvain Labeste, Nathalie Labeste<br \/>\n<\/em><\/strong><\/span><\/span><span style=\"font-family: arial, helvetica, sans-serif; font-size: 10pt;\">Sugg\u00e9rer l&rsquo;existence d&rsquo;une Terre int\u00e9rieure, \u00a0\u00bb principe \u00a0\u00bb de celle que nous foulons. Convoquer les regards crois\u00e9s d&rsquo;\u00e2mes bien n\u00e9es dans un monde en d\u00e9liquescence, celles des derniers repr\u00e9sentants d&rsquo;une vie authentique, celles de vestiges vivants. Tel est le propos de cette introspection tib\u00e9taine. Sur leur Terre, l&rsquo;Esprit se retire, c\u00e9dant au d\u00e9ferlement d&rsquo;ultimes puissances de destruction. Magnifiques, encore aspir\u00e9s vers le Centre, leurs corps m\u00eames exhalent l&rsquo;Adoration. Epargn\u00e9s du Trop, mus par le Sens, ces vivants, moines, p\u00e8lerins, enfants, incarnent une v\u00e9ritable humanit\u00e9, en splendide conformit\u00e9 avec la grande Harmonie. Sylvain et Nathalie Labeste nous proposent ici un voyage atypique, intemporel, fondamental. Leurs photographies s&rsquo;interpellent d&rsquo;une page \u00e0 l&rsquo;autre, port\u00e9es par les Cent Mille Chants de Milar\u00e9pa, le plus grand des Yogis. De br\u00e8ves r\u00e9flexions sur le P\u00e8lerinage, le Karma, les pouvoirs supra-normaux, M\u00e2y\u00e2, ou encore la qualit\u00e9 du Si\u00e8cle d\u00e9voilent habilement l&rsquo;esprit de cette aventure en contr\u00e9e spirituelle.<\/span><\/p>\n<p><span style=\"font-family: arial, helvetica, sans-serif; font-size: 12pt;\"><strong>\u20ac 42.- &#8211;&nbsp; &nbsp;CHF 54.- &#8211;<\/strong><\/span><\/p>\n","protected":false},"excerpt":{"rendered":"<p>Sylvain Labeste, Nathalie Labeste Sugg\u00e9rer l&rsquo;existence d&rsquo;une Terre int\u00e9rieure, \u00a0\u00bb principe \u00a0\u00bb de celle que nous foulons. Convoquer les regards crois\u00e9s d&rsquo;\u00e2mes bien n\u00e9es dans un monde en d\u00e9liquescence, celles des derniers repr\u00e9sentants d&rsquo;une vie authentique, celles de vestiges vivants. Tel est le propos de cette introspection tib\u00e9taine. Sur leur Terre, l&rsquo;Esprit se retire, c\u00e9dant [&hellip;]<\/p>\n","protected":false},"author":2,"featured_media":0,"parent":0,"menu_order":0,"comment_status":"closed","ping_status":"closed","template":"","meta":{"ngg_post_thumbnail":0,"footnotes":""},"class_list":["post-561","page","type-page","status-publish","hentry"],"_links":{"self":[{"href":"https:\/\/www.naef.douce-france.net\/index.php\/wp-json\/wp\/v2\/pages\/561","targetHints":{"allow":["GET"]}}],"collection":[{"href":"https:\/\/www.naef.douce-france.net\/index.php\/wp-json\/wp\/v2\/pages"}],"about":[{"href":"https:\/\/www.naef.douce-france.net\/index.php\/wp-json\/wp\/v2\/types\/page"}],"author":[{"embeddable":true,"href":"https:\/\/www.naef.douce-france.net\/index.php\/wp-json\/wp\/v2\/users\/2"}],"replies":[{"embeddable":true,"href":"https:\/\/www.naef.douce-france.net\/index.php\/wp-json\/wp\/v2\/comments?post=561"}],"version-history":[{"count":0,"href":"https:\/\/www.naef.douce-france.net\/index.php\/wp-json\/wp\/v2\/pages\/561\/revisions"}],"wp:attachment":[{"href":"https:\/\/www.naef.douce-france.net\/index.php\/wp-json\/wp\/v2\/media?parent=561"}],"curies":[{"name":"wp","href":"https:\/\/api.w.org\/{rel}","templated":true}]}}