{"id":534,"date":"2019-01-04T16:02:50","date_gmt":"2019-01-04T15:02:50","guid":{"rendered":"https:\/\/www.georgesnaef.com\/?page_id=534"},"modified":"2019-01-04T16:02:50","modified_gmt":"2019-01-04T15:02:50","slug":"andes-voyages-sur-les-volcans-dequateur-2","status":"publish","type":"page","link":"https:\/\/www.naef.douce-france.net\/index.php\/andes-voyages-sur-les-volcans-dequateur-2\/","title":{"rendered":"Andes. Voyages sur les volcans d&rsquo;Equateur"},"content":{"rendered":"<p><span style=\"font-size: 10pt;\"><span style=\"font-family: arial, helvetica, sans-serif; color: #000080;\"><strong><em><img loading=\"lazy\" decoding=\"async\" class=\"size-medium wp-image-66 alignleft\" src=\"https:\/\/www.georgesnaef.com\/wp-content\/uploads\/2018\/12\/Andes-Voyages-sur-les-volcans-dEquateur-300x284.jpg\" alt=\"\" width=\"300\" height=\"284\" srcset=\"https:\/\/www.naef.douce-france.net\/wp-content\/uploads\/2018\/12\/Andes-Voyages-sur-les-volcans-dEquateur-300x284.jpg 300w, https:\/\/www.naef.douce-france.net\/wp-content\/uploads\/2018\/12\/Andes-Voyages-sur-les-volcans-dEquateur.jpg 475w\" sizes=\"auto, (max-width: 300px) 100vw, 300px\" \/>Marcela Garcia, Bernard Francou<br \/>\n<\/em><\/strong><\/span><\/span><span style=\"font-family: arial, helvetica, sans-serif; font-size: 10pt;\">Ce livre est une fascinante travers\u00e9e qui part de la recherche scientifique pour aboutir \u00e0 la contemplation esth\u00e9tique des Andes \u00e9quatoriales. Bernard Francou, glaciologue et alpiniste, est le narrateur vivant et passionn\u00e9 des exp\u00e9ditions aventureuses qui se sont succ\u00e9d\u00e9 sur ces hauts lieux tout au long des XVIIIe et XIXe si\u00e8cles et jusqu&rsquo;aux premi\u00e8res ann\u00e9es du XXe. De nombreuses citations historiques originales \u00e9maillent le texte, nous rapprochant ainsi un peu plus des principaux acteurs de ces magnifiques voyages que firent dans les Andes La Condamine, Bouguer, Jussieu, Humboldt, Bonpland, Boussingault, Whymper, Meyer, Michaux et d&rsquo;autres moins connus. L&rsquo;iconographie, choisie avec bonheur par la photographe Marcela Garcia et le chercheur, nous permet de d\u00e9couvrir de remarquables gravures et peintures d&rsquo;\u00e9poque d&rsquo;une \u00e9clatante beaut\u00e9, au milieu des photographies des auteurs. L&rsquo;homme nous est pr\u00e9sent\u00e9 sur fond de paysages d&rsquo;une infinie grandeur. La qualit\u00e9 de l&rsquo;information, conjugu\u00e9e \u00e0 la beaut\u00e9 des images, nous invite \u00e0 contempler ce qui existe encore, face \u00e0 la nostalgie ressentie pour ce qui, irr\u00e9m\u00e9diablement, dispara\u00eet. Ces images, filtr\u00e9es par la sensibilit\u00e9 de Marcela Garcia et de Bernard Francou, nous \u00e9l\u00e8vent des ph\u00e9nom\u00e8nes naturels vers les sommets de la subjectivit\u00e9. Comme un hommage \u00e0 Humboldt, partout pr\u00e9sent dans ces pages, ce livre nous invite \u00e0 suivre les traces de ce grand voyageur qui a su, plus que tout autre, trouver le juste \u00e9quilibre entre l&rsquo;observation physique de la nature et sa contemplation esth\u00e9tique.<\/span><\/p>\n<p><span style=\"font-family: arial, helvetica, sans-serif; font-size: 12pt;\"><strong>\u20ac 42.- &#8211;&nbsp; &nbsp;CHF 54.- &#8211;<\/strong><\/span><\/p>\n","protected":false},"excerpt":{"rendered":"<p>Marcela Garcia, Bernard Francou Ce livre est une fascinante travers\u00e9e qui part de la recherche scientifique pour aboutir \u00e0 la contemplation esth\u00e9tique des Andes \u00e9quatoriales. Bernard Francou, glaciologue et alpiniste, est le narrateur vivant et passionn\u00e9 des exp\u00e9ditions aventureuses qui se sont succ\u00e9d\u00e9 sur ces hauts lieux tout au long des XVIIIe et XIXe si\u00e8cles [&hellip;]<\/p>\n","protected":false},"author":2,"featured_media":0,"parent":0,"menu_order":0,"comment_status":"closed","ping_status":"closed","template":"","meta":{"ngg_post_thumbnail":0,"footnotes":""},"class_list":["post-534","page","type-page","status-publish","hentry"],"_links":{"self":[{"href":"https:\/\/www.naef.douce-france.net\/index.php\/wp-json\/wp\/v2\/pages\/534","targetHints":{"allow":["GET"]}}],"collection":[{"href":"https:\/\/www.naef.douce-france.net\/index.php\/wp-json\/wp\/v2\/pages"}],"about":[{"href":"https:\/\/www.naef.douce-france.net\/index.php\/wp-json\/wp\/v2\/types\/page"}],"author":[{"embeddable":true,"href":"https:\/\/www.naef.douce-france.net\/index.php\/wp-json\/wp\/v2\/users\/2"}],"replies":[{"embeddable":true,"href":"https:\/\/www.naef.douce-france.net\/index.php\/wp-json\/wp\/v2\/comments?post=534"}],"version-history":[{"count":0,"href":"https:\/\/www.naef.douce-france.net\/index.php\/wp-json\/wp\/v2\/pages\/534\/revisions"}],"wp:attachment":[{"href":"https:\/\/www.naef.douce-france.net\/index.php\/wp-json\/wp\/v2\/media?parent=534"}],"curies":[{"name":"wp","href":"https:\/\/api.w.org\/{rel}","templated":true}]}}