{"id":440,"date":"2018-12-19T14:27:14","date_gmt":"2018-12-19T13:27:14","guid":{"rendered":"https:\/\/www.georgesnaef.com\/?page_id=440"},"modified":"2018-12-19T14:27:14","modified_gmt":"2018-12-19T13:27:14","slug":"le-passage-du-nord-ouest-2","status":"publish","type":"page","link":"https:\/\/www.naef.douce-france.net\/index.php\/le-passage-du-nord-ouest-2\/","title":{"rendered":"Le Passage du Nord-Ouest"},"content":{"rendered":"<p><span style=\"font-size: 10pt;\"><span style=\"font-family: arial, helvetica, sans-serif; color: #000080;\"><strong><em><img loading=\"lazy\" decoding=\"async\" class=\"size-medium wp-image-296 alignleft\" src=\"https:\/\/www.georgesnaef.com\/wp-content\/uploads\/2018\/12\/Le-Passage-du-Nord-Ouest-242x300.jpg\" alt=\"\" width=\"242\" height=\"300\" srcset=\"https:\/\/www.naef.douce-france.net\/wp-content\/uploads\/2018\/12\/Le-Passage-du-Nord-Ouest-242x300.jpg 242w, https:\/\/www.naef.douce-france.net\/wp-content\/uploads\/2018\/12\/Le-Passage-du-Nord-Ouest.jpg 404w\" sizes=\"auto, (max-width: 242px) 100vw, 242px\" \/>Bellot \/ Franklin<br \/>\n<\/em><\/strong><\/span><\/span><span style=\"font-family: arial, helvetica, sans-serif; font-size: 10pt;\">C&rsquo;est l&rsquo;une des plus remarquables tentatives de sauvetage de tous les temps : sauver l&rsquo;exp\u00e9dition de sir John Franklin, partie \u00e0 la recherche du passage du Nord-Ouest ! D\u00e9couvrez les raisons et les d\u00e9tails d&rsquo;une entreprise initi\u00e9e trois si\u00e8cles plus t\u00f4t par les Anglais, qui s&rsquo;ach\u00e8ve en 1847 dans l&rsquo;\u00e9pouvante, au prix de la mort de Franklin, des 128 officiers et hommes d&rsquo;\u00e9quipage et de la disparition des deux navires l&rsquo;Erebus et le Terror&#8230;&nbsp;<br \/>\nEnfin, les Fran\u00e7ais savent-ils que l&rsquo;un des leurs, Joseph-Ren\u00e9 Bellot, officier de marine, en s&rsquo;associant aux recherches financ\u00e9es par lady Franklin qui l&rsquo;appr\u00e9ciera jusqu&rsquo;\u00e0 l&rsquo;appeler son \u00ab\u00a0fils fran\u00e7ais\u00a0\u00bb, y<img loading=\"lazy\" decoding=\"async\" class=\"size-medium wp-image-725 alignright\" src=\"https:\/\/www.georgesnaef.com\/wp-content\/uploads\/2019\/01\/nord-ouest-prix-marine-300x89.jpg\" alt=\"\" width=\"300\" height=\"89\"> perdra la vie en 1853 \u00e0 l&rsquo;\u00e2ge de 27 ans ? H\u00e9ros en Angleterre mais oubli\u00e9 en France. Aujourd&rsquo;hui le d\u00e9r\u00e8glement climatique met \u00e0 nouveau le passage du Nord-Ouest au coeur de l&rsquo;actualit\u00e9, en offrant la perspective d&rsquo;un axe commercial Europe-Asie&#8230;&nbsp;<br \/>\nce qui n&rsquo;est pas sans soulever bien des probl\u00e9matiques, allant de la s\u00e9curit\u00e9 de r\u00e9gions pr\u00e9serv\u00e9es, \u00e0 la contestation de la souverainet\u00e9 du Canada sur l&rsquo;Arctique ! Facilit\u00e9es par la fonte des glaces, les recherches de l&rsquo;Erebus et du Terror ont repris. La qu\u00eate se poursuit !<\/span><\/p>\n<p><span style=\"font-family: arial, helvetica, sans-serif; font-size: 12pt;\"><strong>\u20ac 39.- &#8211;&nbsp; &nbsp;CHF 48.- &#8211;<\/strong><\/span><\/p>\n","protected":false},"excerpt":{"rendered":"<p>Bellot \/ Franklin C&rsquo;est l&rsquo;une des plus remarquables tentatives de sauvetage de tous les temps : sauver l&rsquo;exp\u00e9dition de sir John Franklin, partie \u00e0 la recherche du passage du Nord-Ouest ! D\u00e9couvrez les raisons et les d\u00e9tails d&rsquo;une entreprise initi\u00e9e trois si\u00e8cles plus t\u00f4t par les Anglais, qui s&rsquo;ach\u00e8ve en 1847 dans l&rsquo;\u00e9pouvante, au prix [&hellip;]<\/p>\n","protected":false},"author":2,"featured_media":0,"parent":0,"menu_order":0,"comment_status":"closed","ping_status":"closed","template":"","meta":{"ngg_post_thumbnail":0,"footnotes":""},"class_list":["post-440","page","type-page","status-publish","hentry"],"_links":{"self":[{"href":"https:\/\/www.naef.douce-france.net\/index.php\/wp-json\/wp\/v2\/pages\/440","targetHints":{"allow":["GET"]}}],"collection":[{"href":"https:\/\/www.naef.douce-france.net\/index.php\/wp-json\/wp\/v2\/pages"}],"about":[{"href":"https:\/\/www.naef.douce-france.net\/index.php\/wp-json\/wp\/v2\/types\/page"}],"author":[{"embeddable":true,"href":"https:\/\/www.naef.douce-france.net\/index.php\/wp-json\/wp\/v2\/users\/2"}],"replies":[{"embeddable":true,"href":"https:\/\/www.naef.douce-france.net\/index.php\/wp-json\/wp\/v2\/comments?post=440"}],"version-history":[{"count":0,"href":"https:\/\/www.naef.douce-france.net\/index.php\/wp-json\/wp\/v2\/pages\/440\/revisions"}],"wp:attachment":[{"href":"https:\/\/www.naef.douce-france.net\/index.php\/wp-json\/wp\/v2\/media?parent=440"}],"curies":[{"name":"wp","href":"https:\/\/api.w.org\/{rel}","templated":true}]}}