{"id":398,"date":"2018-12-19T11:42:18","date_gmt":"2018-12-19T10:42:18","guid":{"rendered":"https:\/\/www.georgesnaef.com\/?page_id=398"},"modified":"2018-12-19T11:42:18","modified_gmt":"2018-12-19T10:42:18","slug":"velos-de-legende-2","status":"publish","type":"page","link":"https:\/\/www.naef.douce-france.net\/index.php\/velos-de-legende-2\/","title":{"rendered":"V\u00e9los de l\u00e9gende"},"content":{"rendered":"<p><span style=\"font-size: 10pt;\"><span style=\"font-family: arial, helvetica, sans-serif; color: #000080;\"><strong><em><img loading=\"lazy\" decoding=\"async\" class=\"size-medium wp-image-315 alignleft\" src=\"https:\/\/www.georgesnaef.com\/wp-content\/uploads\/2018\/12\/V\u00e9los-de-l\u00e9gende-267x300.jpg\" alt=\"\" width=\"267\" height=\"300\">Claude Reynaud<br \/>\n<\/em><\/strong><\/span><\/span><span style=\"font-family: arial, helvetica, sans-serif; font-size: 10pt;\">Cet ouvrage retrace la Grande Histoire du V\u00e9lo au travers de la collection exceptionnelle des cycles de Claude Reynaud, l&rsquo;une des plus importantes au monde. Elle fut constitu\u00e9e durant 45 ans par ce collectionneur fou qui a rassembl\u00e9 pour notre plus grand plaisir, des v\u00e9los de qualit\u00e9 remarquable, chacun poss\u00e9dant un caract\u00e8re fascinant et particulier. C&rsquo;est le plus beau fleuron de cette collection que l&rsquo;auteur nous livre dans ces pages.&nbsp;<br \/>\nChacune des pi\u00e8ces est soit unique au monde, soit repr\u00e9sente un maillon important de l&rsquo;histoire du v\u00e9lo. L&rsquo;un de ces cycle est m\u00eame class\u00e9 monument historique.<\/span><\/p>\n<p><span style=\"font-family: arial, helvetica, sans-serif; font-size: 12pt;\"><strong>\u20ac 48.- &#8211;&nbsp; &nbsp;CHF 59.- &#8211;<\/strong><\/span><\/p>\n","protected":false},"excerpt":{"rendered":"<p>Claude Reynaud Cet ouvrage retrace la Grande Histoire du V\u00e9lo au travers de la collection exceptionnelle des cycles de Claude Reynaud, l&rsquo;une des plus importantes au monde. Elle fut constitu\u00e9e durant 45 ans par ce collectionneur fou qui a rassembl\u00e9 pour notre plus grand plaisir, des v\u00e9los de qualit\u00e9 remarquable, chacun poss\u00e9dant un caract\u00e8re fascinant [&hellip;]<\/p>\n","protected":false},"author":2,"featured_media":0,"parent":0,"menu_order":0,"comment_status":"closed","ping_status":"closed","template":"","meta":{"ngg_post_thumbnail":0,"footnotes":""},"class_list":["post-398","page","type-page","status-publish","hentry"],"_links":{"self":[{"href":"https:\/\/www.naef.douce-france.net\/index.php\/wp-json\/wp\/v2\/pages\/398","targetHints":{"allow":["GET"]}}],"collection":[{"href":"https:\/\/www.naef.douce-france.net\/index.php\/wp-json\/wp\/v2\/pages"}],"about":[{"href":"https:\/\/www.naef.douce-france.net\/index.php\/wp-json\/wp\/v2\/types\/page"}],"author":[{"embeddable":true,"href":"https:\/\/www.naef.douce-france.net\/index.php\/wp-json\/wp\/v2\/users\/2"}],"replies":[{"embeddable":true,"href":"https:\/\/www.naef.douce-france.net\/index.php\/wp-json\/wp\/v2\/comments?post=398"}],"version-history":[{"count":0,"href":"https:\/\/www.naef.douce-france.net\/index.php\/wp-json\/wp\/v2\/pages\/398\/revisions"}],"wp:attachment":[{"href":"https:\/\/www.naef.douce-france.net\/index.php\/wp-json\/wp\/v2\/media?parent=398"}],"curies":[{"name":"wp","href":"https:\/\/api.w.org\/{rel}","templated":true}]}}