{"id":371,"date":"2018-12-19T09:04:02","date_gmt":"2018-12-19T08:04:02","guid":{"rendered":"https:\/\/www.georgesnaef.com\/?page_id=371"},"modified":"2018-12-19T09:04:02","modified_gmt":"2018-12-19T08:04:02","slug":"niki-de-saint-phalle","status":"publish","type":"page","link":"https:\/\/www.naef.douce-france.net\/index.php\/niki-de-saint-phalle\/","title":{"rendered":"Niki de Saint Phalle"},"content":{"rendered":"<p><span style=\"font-size: 10pt;\"><span style=\"font-family: arial, helvetica, sans-serif; color: #000080;\"><strong><em><img loading=\"lazy\" decoding=\"async\" class=\"size-medium wp-image-374 alignleft\" src=\"https:\/\/www.georgesnaef.com\/wp-content\/uploads\/2018\/12\/Niki-de-Saint-Phalle-208x300.jpg\" alt=\"\" width=\"208\" height=\"300\" srcset=\"https:\/\/www.naef.douce-france.net\/wp-content\/uploads\/2018\/12\/Niki-de-Saint-Phalle-208x300.jpg 208w, https:\/\/www.naef.douce-france.net\/wp-content\/uploads\/2018\/12\/Niki-de-Saint-Phalle.jpg 346w\" sizes=\"auto, (max-width: 208px) 100vw, 208px\" \/>Collectif<br \/>\n<\/em><\/strong><\/span><\/span><span style=\"font-family: arial, helvetica, sans-serif; font-size: 10pt;\">Cet ouvrage comprend des t\u00e9moignages de Pierre Restany, Pontus Hulten et Denis Riout et, en fin de volume, la biographie compl\u00e8te de Niki de St Phalle, ainsi que la nomenclature de toutes les oeuvres expos\u00e9es. Les oeuvres pr\u00e9sent\u00e9es dans cet ouvrage sont celles de la donation qu\u2019a faite Niki de St Phalle au Mus\u00e9e d\u2019Art moderne et d\u2019Art contemporain de Nice, peu avant son d\u00e9c\u00e8s. Cette collection est enrichie de l\u2019\u0153uvre graphique de l\u2019artiste, ainsi que d\u2019un certain nombre d\u2019oeuvres se trouvant dans des collections priv\u00e9es, mais que les h\u00e9ritiers de Niki de St Phalle ont voulu voir para\u00eetre dans cette deuxi\u00e8me \u00e9dition.&nbsp;<br \/>\n\u00ab\u00a0Les assemblages\u00a0\u00bb dont la force expressive se moque des modes et des courants. La p\u00e9riode blanche des \u00ab\u00a0tirs\u00a0\u00bb, des \u00ab\u00a0mari\u00e9s\u00a0\u00bb et des \u00ab\u00a0monstres\u00a0\u00bb qu\u2019elle met en place avec Tinguely. \u00ab\u00a0La femme\u00a0\u00bb o\u00f9 l\u2019on retrouve notamment la sculpture monumentale \u00ab\u00a0Hon\u00a0\u00bb r\u00e9alis\u00e9e pour le Mus\u00e9e de Stockholm qui comprend nombre des fameuses \u00ab\u00a0Nanas\u00a0\u00bb. \u00ab\u00a0L\u2019univers des contes et des l\u00e9gendes\u00a0\u00bb, son bestiaire fantastique influenc\u00e9 par les l\u00e9gendes de l\u2019Asie du Sud-est ou les d\u00e9serts du Mojave (rhinoc\u00e9ros, autruches, boas, etc.) qui est continu\u00e9 par le jeu des tarots que Niki de St Phalle poursuit en Toscane depuis 1978 par la construction du Jardin des Tarots.&nbsp;<br \/>\n\u00ab\u00a0Les derniers combats\u00a0\u00bb, tr\u00e8s sensibilis\u00e9s par la trag\u00e9die de l\u2019esclavage, Niki de St Phalle qui a deux arri\u00e8res petits enfants m\u00e9tis cr\u00e9e des sculptures de grandes tailles repr\u00e9sentant des stars du sport et du jazz (Jos\u00e9phine Baker et Louis Amstrong) version masculine des Nanas.<\/span><\/p>\n<p><span style=\"font-family: arial, helvetica, sans-serif; font-size: 12pt;\"><strong>\u20ac 42.- &#8211;&nbsp; &nbsp;CHF 54.- &#8211;<\/strong><\/span><\/p>\n","protected":false},"excerpt":{"rendered":"<p>Collectif Cet ouvrage comprend des t\u00e9moignages de Pierre Restany, Pontus Hulten et Denis Riout et, en fin de volume, la biographie compl\u00e8te de Niki de St Phalle, ainsi que la nomenclature de toutes les oeuvres expos\u00e9es. Les oeuvres pr\u00e9sent\u00e9es dans cet ouvrage sont celles de la donation qu\u2019a faite Niki de St Phalle au Mus\u00e9e [&hellip;]<\/p>\n","protected":false},"author":2,"featured_media":0,"parent":0,"menu_order":0,"comment_status":"closed","ping_status":"closed","template":"","meta":{"ngg_post_thumbnail":0,"footnotes":""},"class_list":["post-371","page","type-page","status-publish","hentry"],"_links":{"self":[{"href":"https:\/\/www.naef.douce-france.net\/index.php\/wp-json\/wp\/v2\/pages\/371","targetHints":{"allow":["GET"]}}],"collection":[{"href":"https:\/\/www.naef.douce-france.net\/index.php\/wp-json\/wp\/v2\/pages"}],"about":[{"href":"https:\/\/www.naef.douce-france.net\/index.php\/wp-json\/wp\/v2\/types\/page"}],"author":[{"embeddable":true,"href":"https:\/\/www.naef.douce-france.net\/index.php\/wp-json\/wp\/v2\/users\/2"}],"replies":[{"embeddable":true,"href":"https:\/\/www.naef.douce-france.net\/index.php\/wp-json\/wp\/v2\/comments?post=371"}],"version-history":[{"count":0,"href":"https:\/\/www.naef.douce-france.net\/index.php\/wp-json\/wp\/v2\/pages\/371\/revisions"}],"wp:attachment":[{"href":"https:\/\/www.naef.douce-france.net\/index.php\/wp-json\/wp\/v2\/media?parent=371"}],"curies":[{"name":"wp","href":"https:\/\/api.w.org\/{rel}","templated":true}]}}