{"id":278,"date":"2018-12-17T16:17:29","date_gmt":"2018-12-17T15:17:29","guid":{"rendered":"https:\/\/www.georgesnaef.com\/?page_id=278"},"modified":"2018-12-17T16:17:29","modified_gmt":"2018-12-17T15:17:29","slug":"esprit-des-arts","status":"publish","type":"page","link":"https:\/\/www.naef.douce-france.net\/index.php\/esprit-des-arts\/","title":{"rendered":"L&rsquo;Esprit des Arts"},"content":{"rendered":"<p>&nbsp;<\/p>\n<table class=\" aligncenter\">\n<thead>\n<tr>\n<td style=\"vertical-align: top;\"><a href=\"https:\/\/www.georgesnaef.com\/alfred-manessier-1911-1993\/\"><br \/>\n<\/a><a href=\"https:\/\/www.georgesnaef.com\/picasso-la-femme-et-le-toro\/\"><img loading=\"lazy\" decoding=\"async\" class=\"wp-image-1928 aligncenter\" src=\"https:\/\/www.georgesnaef.com\/wp-content\/uploads\/2023\/02\/couverture-avec-logo-fondation-picasso-150x150.jpg\" alt=\"\" width=\"120\" height=\"120\"><\/a><a href=\"https:\/\/www.georgesnaef.com\/picasso-la-femme-et-le-toro\/\">La femme et le toro<\/a><\/td>\n<th><a href=\"https:\/\/www.georgesnaef.com\/fr-millet\/\"><img loading=\"lazy\" decoding=\"async\" src=\"https:\/\/www.georgesnaef.com\/wp-content\/uploads\/2018\/12\/Francisque-Millet-le-paysage-au-XVIIe-si\u00e8cl-150x150.jpg\" alt=\"\" width=\"100\" height=\"100\"><br \/>\nFrancisque Millet<\/a><\/th>\n<th><a href=\"https:\/\/www.georgesnaef.com\/la-peinture-de-paysage-et-son-influence-des-origines-au-xviie-siecle\/\"><img loading=\"lazy\" decoding=\"async\" class=\"alignnone size-thumbnail wp-image-363\" src=\"https:\/\/www.georgesnaef.com\/wp-content\/uploads\/2018\/12\/La-peinture-de-paysage-des-origines-au-XVII-siecle-150x150.jpg\" alt=\"\" width=\"100\" height=\"100\"><br \/>\nPeinture de paysage et son influence<\/a><\/th>\n<th><a href=\"https:\/\/www.georgesnaef.com\/la-peinture-de-paysage-du-xviiie-siecle-a-nos-jours\/\"><img loading=\"lazy\" decoding=\"async\" class=\"alignnone size-thumbnail wp-image-294\" src=\"https:\/\/www.georgesnaef.com\/wp-content\/uploads\/2018\/12\/La-peinture-de-paysage-du-XVIIIe-si\u00e8cle-\u00e0-nos-jours-150x150.jpg\" alt=\"\" width=\"100\" height=\"100\"><br \/>\nPeinture de paysage du XVIIIe si\u00e8cle \u00e0 nos jours<\/a><\/th>\n<th><a href=\"https:\/\/www.georgesnaef.com\/la-peinture\/\"><img loading=\"lazy\" decoding=\"async\" class=\"alignnone size-thumbnail wp-image-684\" src=\"https:\/\/www.georgesnaef.com\/wp-content\/uploads\/2019\/01\/peinture-paysage-2vol-150x150.jpg\" alt=\"\" width=\"100\" height=\"100\"><br \/>\nPeinture Paysage des origines &#8211; Coffret 2 volumes<\/a><\/th>\n<\/tr>\n<\/thead>\n<tbody>\n<tr>\n<td><a href=\"https:\/\/www.georgesnaef.com\/niki-saint-phalle\/\"><img loading=\"lazy\" decoding=\"async\" class=\"alignnone size-thumbnail wp-image-1237\" src=\"https:\/\/www.georgesnaef.com\/wp-content\/uploads\/2019\/02\/niki-st-phalle-150x150.jpg\" alt=\"\" width=\"100\" height=\"100\"><br \/>\nNiki de St Phalle Catalogue raisonn\u00e9<\/a><\/td>\n<td><a href=\"https:\/\/www.georgesnaef.com\/niki-de-saint-phalle\/\"><img loading=\"lazy\" decoding=\"async\" class=\"alignnone size-medium wp-image-374\" src=\"https:\/\/www.georgesnaef.com\/wp-content\/uploads\/2018\/12\/Niki-de-Saint-Phalle-150x150.jpg\" alt=\"\" width=\"100\" height=\"100\"><br \/>\nNiki de Saint Phalle<\/a><\/td>\n<td><a href=\"https:\/\/www.georgesnaef.com\/velos-de-legende\/\"><img loading=\"lazy\" decoding=\"async\" class=\"alignnone size-thumbnail wp-image-315\" src=\"https:\/\/www.georgesnaef.com\/wp-content\/uploads\/2018\/12\/V\u00e9los-de-l\u00e9gende-150x150.jpg\" alt=\"\" width=\"100\" height=\"100\"><br \/>\nV\u00e9los de l\u00e9gende<\/a><\/td>\n<td><a href=\"https:\/\/www.georgesnaef.com\/victor-hugo-le-genie-sans-frontieres\/\"><img loading=\"lazy\" decoding=\"async\" class=\"alignnone size-thumbnail wp-image-402\" src=\"https:\/\/www.georgesnaef.com\/wp-content\/uploads\/2018\/12\/victor-hugo-150x150.jpg\" alt=\"\" width=\"100\" height=\"100\"><br \/>\nVictor Hugo<\/a><\/td>\n<td><a href=\"https:\/\/www.georgesnaef.com\/alexandre-le-grand-lhomme-dieu\/\"><img loading=\"lazy\" decoding=\"async\" class=\"alignnone size-thumbnail wp-image-91\" src=\"https:\/\/www.georgesnaef.com\/wp-content\/uploads\/2018\/12\/alexandre-le-Grand-LHomme-Dieu-150x150.jpg\" alt=\"\" width=\"100\" height=\"100\"><br \/>\nAlexandre le Grand &#8211; L&rsquo;Homme-Dieu<\/a><\/td>\n<\/tr>\n<tr>\n<td><a href=\"https:\/\/www.georgesnaef.com\/art-phenicien-expressions-neo-pheniciennes\/\"><img loading=\"lazy\" decoding=\"async\" class=\"alignnone size-thumbnail wp-image-95\" src=\"https:\/\/www.georgesnaef.com\/wp-content\/uploads\/2018\/12\/Art-Ph\u00e9nicien-150x150.jpg\" alt=\"\" width=\"100\" height=\"100\"><br \/>\nArt Ph\u00e9nicien<\/a><\/td>\n<td><a href=\"https:\/\/www.georgesnaef.com\/nicolas-poussin-1594-1665-catalogue-raisonne-des-dessins\/\" target=\"_blank\" rel=\"noopener noreferrer\"><img loading=\"lazy\" decoding=\"async\" class=\"alignnone size-thumbnail wp-image-419\" src=\"https:\/\/www.georgesnaef.com\/wp-content\/uploads\/2018\/12\/Nicolas-Poussin-150x150.jpg\" alt=\"\" width=\"100\" height=\"100\"><br \/>\nNicolas Poussin Catalogue raisonn\u00e9 des dessins<\/a><\/td>\n<td><a href=\"https:\/\/www.georgesnaef.com\/le-henne-plante-du-paradis\/\"><img loading=\"lazy\" decoding=\"async\" class=\"alignnone size-thumbnail wp-image-423\" src=\"https:\/\/www.georgesnaef.com\/wp-content\/uploads\/2018\/12\/le-henn\u00e9-150x150.jpg\" alt=\"\" width=\"100\" height=\"100\"><br \/>\nLe Henn\u00e9<\/a><\/td>\n<td><a href=\"https:\/\/www.georgesnaef.com\/la-grande-histoire-de-la-peinture-moderne\/\" target=\"_blank\" rel=\"noopener noreferrer\"><img loading=\"lazy\" decoding=\"async\" class=\"alignnone size-thumbnail wp-image-659\" src=\"https:\/\/www.georgesnaef.com\/wp-content\/uploads\/2019\/01\/peinture-moderne-1-150x150.jpg\" alt=\"\" width=\"100\" height=\"100\"><br \/>\nhistoire peinture moderne<\/a><\/td>\n<td><a href=\"https:\/\/www.georgesnaef.com\/la-merveilleuse-bretagne-des-peintres-2\/\"><img loading=\"lazy\" decoding=\"async\" class=\"alignnone size-thumbnail wp-image-293\" src=\"https:\/\/www.georgesnaef.com\/wp-content\/uploads\/2018\/12\/La-merveilleuse-Bretagne-des-peintres-150x150.jpg\" alt=\"\" width=\"100\" height=\"100\"><br \/>\nMerveilleuse Bretagne des peintres<\/a><\/td>\n<\/tr>\n<tr>\n<td><a href=\"https:\/\/www.georgesnaef.com\/le-grand-livre-de-la-peinture\/\"><img loading=\"lazy\" decoding=\"async\" class=\"alignnone size-thumbnail wp-image-1239\" src=\"https:\/\/www.georgesnaef.com\/wp-content\/uploads\/2019\/02\/grand-livre-peinture-150x150.jpg\" alt=\"\" width=\"100\" height=\"100\"><br \/>\nGrand livre de la peinture<\/a><\/td>\n<td><a href=\"https:\/\/www.georgesnaef.com\/le-grand-livre-de-lobjet-dart\/\"><img loading=\"lazy\" decoding=\"async\" class=\"alignnone size-thumbnail wp-image-737\" src=\"https:\/\/www.georgesnaef.com\/wp-content\/uploads\/2019\/01\/objet-dart-150x150.jpg\" alt=\"\" width=\"100\" height=\"100\"><br \/>\nl&rsquo;Objet d&rsquo;Art<\/a><\/td>\n<td><a href=\"https:\/\/www.georgesnaef.com\/la-merveilleuses-provence-des-peintres\/\"><img loading=\"lazy\" decoding=\"async\" class=\"alignnone size-thumbnail wp-image-745\" src=\"https:\/\/www.georgesnaef.com\/wp-content\/uploads\/2019\/01\/provence-150x150.jpg\" alt=\"\" width=\"100\" height=\"100\"><br \/>\nProvence des Peintres<\/a><\/td>\n<td><a href=\"https:\/\/www.georgesnaef.com\/lame-de-lafrique-masques-et-sculptures\/\"><img loading=\"lazy\" decoding=\"async\" class=\"alignnone size-thumbnail wp-image-395\" src=\"https:\/\/www.georgesnaef.com\/wp-content\/uploads\/2018\/12\/Lame-de-lAfrique-Masques-et-sculptures-150x150.jpg\" alt=\"\" width=\"100\" height=\"100\"><br \/>\nL&rsquo;\u00e2me de l&rsquo;Afrique : Masques et sculptures<\/a><\/td>\n<td><a href=\"https:\/\/www.georgesnaef.com\/les-fleurs-du-mal\/\"><img loading=\"lazy\" decoding=\"async\" class=\"alignnone size-thumbnail wp-image-676\" src=\"https:\/\/www.georgesnaef.com\/wp-content\/uploads\/2019\/01\/fleurs-mal-150x150.jpg\" alt=\"\" width=\"100\" height=\"100\"><br \/>\nLes Fleurs du Mal<\/a><\/td>\n<\/tr>\n<tr>\n<td><a href=\"https:\/\/www.georgesnaef.com\/alfred-manessier-1911-1993\/\"><img loading=\"lazy\" decoding=\"async\" class=\"alignnone size-thumbnail wp-image-92\" src=\"https:\/\/www.georgesnaef.com\/wp-content\/uploads\/2018\/12\/Alfred-Manessie-150x150.jpg\" alt=\"\" width=\"100\" height=\"100\"><\/a><a href=\"https:\/\/www.georgesnaef.com\/alfred-manessier-1911-1993\/\">Manessier<\/a><\/td>\n<td>&nbsp;<\/td>\n<td>&nbsp;<\/td>\n<td>&nbsp;<\/td>\n<td>&nbsp;<\/td>\n<\/tr>\n<\/tbody>\n<\/table>\n","protected":false},"excerpt":{"rendered":"<p>&nbsp; La femme et le toro Francisque Millet Peinture de paysage et son influence Peinture de paysage du XVIIIe si\u00e8cle \u00e0 nos jours Peinture Paysage des origines &#8211; Coffret 2 volumes Niki de St Phalle Catalogue raisonn\u00e9 Niki de Saint Phalle V\u00e9los de l\u00e9gende Victor Hugo Alexandre le Grand &#8211; L&rsquo;Homme-Dieu Art Ph\u00e9nicien Nicolas Poussin [&hellip;]<\/p>\n","protected":false},"author":2,"featured_media":0,"parent":0,"menu_order":0,"comment_status":"closed","ping_status":"closed","template":"","meta":{"ngg_post_thumbnail":0,"footnotes":""},"class_list":["post-278","page","type-page","status-publish","hentry"],"_links":{"self":[{"href":"https:\/\/www.naef.douce-france.net\/index.php\/wp-json\/wp\/v2\/pages\/278","targetHints":{"allow":["GET"]}}],"collection":[{"href":"https:\/\/www.naef.douce-france.net\/index.php\/wp-json\/wp\/v2\/pages"}],"about":[{"href":"https:\/\/www.naef.douce-france.net\/index.php\/wp-json\/wp\/v2\/types\/page"}],"author":[{"embeddable":true,"href":"https:\/\/www.naef.douce-france.net\/index.php\/wp-json\/wp\/v2\/users\/2"}],"replies":[{"embeddable":true,"href":"https:\/\/www.naef.douce-france.net\/index.php\/wp-json\/wp\/v2\/comments?post=278"}],"version-history":[{"count":0,"href":"https:\/\/www.naef.douce-france.net\/index.php\/wp-json\/wp\/v2\/pages\/278\/revisions"}],"wp:attachment":[{"href":"https:\/\/www.naef.douce-france.net\/index.php\/wp-json\/wp\/v2\/media?parent=278"}],"curies":[{"name":"wp","href":"https:\/\/api.w.org\/{rel}","templated":true}]}}