{"id":256,"date":"2018-12-16T14:56:31","date_gmt":"2018-12-16T13:56:31","guid":{"rendered":"https:\/\/www.georgesnaef.com\/?page_id=256"},"modified":"2018-12-16T14:56:31","modified_gmt":"2018-12-16T13:56:31","slug":"venise","status":"publish","type":"page","link":"https:\/\/www.naef.douce-france.net\/index.php\/venise\/","title":{"rendered":"Venise"},"content":{"rendered":"<p><span style=\"font-size: 10pt;\"><span style=\"font-family: arial, helvetica, sans-serif; color: #000080;\"><strong><em><img loading=\"lazy\" decoding=\"async\" class=\"size-medium wp-image-255 alignleft\" src=\"https:\/\/www.georgesnaef.com\/wp-content\/uploads\/2018\/12\/venise-entre-ciel-et-mer-252x300.jpg\" alt=\"\" width=\"252\" height=\"300\" srcset=\"https:\/\/www.naef.douce-france.net\/wp-content\/uploads\/2018\/12\/venise-entre-ciel-et-mer-252x300.jpg 252w, https:\/\/www.naef.douce-france.net\/wp-content\/uploads\/2018\/12\/venise-entre-ciel-et-mer.jpg 420w\" sizes=\"auto, (max-width: 252px) 100vw, 252px\" \/>Antoine Lorgnier<\/em><\/strong><\/span><\/span><\/p>\n<p style=\"text-align: left;\"><span style=\"font-size: 10pt; font-family: arial, helvetica, sans-serif;\">Monde d&rsquo;eaux miroitantes entre lagune et canaux, de lumi\u00e8res changeantes, d&rsquo;enfilades de ponts enjambant des canaux sinuant de campi d&rsquo;un autre \u00e2ge \u00e0 de somptueux palais surgissant d&rsquo;entre mer et ciel, Venise est un r\u00eave de pierre et d&rsquo;eau que l&rsquo;on ne pr\u00e9sente plus. Dans ce labyrinthe ind\u00e9chiffrable de canaux exigus, de calle, de salizzade d&rsquo;un autre temps, la vieille cit\u00e9 des doges se r\u00e9v\u00e8le comme un \u00e9crin de v\u00e9n\u00e9rables demeures, de sanctuaires baroques, o\u00f9 l&rsquo;on passe sans coup f\u00e9rir d&rsquo;un \u00e9difice v\u00e9n\u00e9to-byzantin \u00e0 un palazzo palladien, des piombi o\u00f9 croupit un certain Casanova au ghetto dont Napol\u00e9on brisa les cha\u00eenes. Pourtant, loin des clich\u00e9s mais sans renier jamais les splendeurs \u00e9closes \u00e0 l&rsquo;ombre de San Marco, cet ouvrage s&rsquo;immisce par le biais de dix chapitres th\u00e9matiques dans les coulisses de ce fastueux d\u00e9cor, d\u00e9couvrant ici la chaleur d&rsquo;un bacaro, l\u00e0 un march\u00e9 anim\u00e9, le savoir-faire d&rsquo;un artisan ou une \u00eele de p\u00eacheurs et ses cabanes sur pilotis, l\u00e0 encore un jardin secret ou une tonnelle campagnarde myst\u00e9rieusement sauv\u00e9e de la fi\u00e8vre de construire qui a toujours caract\u00e9ris\u00e9 la S\u00e9r\u00e9nissime. Ses relations avec la mer, son histoire mouvement\u00e9e, ses f\u00eates, m\u00eame sa cuisine ne sont plus fig\u00e9es dans le pass\u00e9. Car Venise, qui fut l&rsquo;un des \u00c9tats les plus puissants d&rsquo;Europe, n&rsquo;est pas qu&rsquo;une charmante carte postale jaunie. C&rsquo;est aussi une ville contemporaine qui vit son quotidien loin des pigeons de la Piazza, des Titien et des Tintoret qui ennoblissent ses \u00e9glises, et qui entend bien le faire savoir.<\/span><\/p>\n<p><span style=\"font-family: arial, helvetica, sans-serif; font-size: 12pt;\"><strong>\u20ac 48.- &#8211;&nbsp; &nbsp;CHF 59.- &#8211;<\/strong><\/span><\/p>\n","protected":false},"excerpt":{"rendered":"<p>Antoine Lorgnier Monde d&rsquo;eaux miroitantes entre lagune et canaux, de lumi\u00e8res changeantes, d&rsquo;enfilades de ponts enjambant des canaux sinuant de campi d&rsquo;un autre \u00e2ge \u00e0 de somptueux palais surgissant d&rsquo;entre mer et ciel, Venise est un r\u00eave de pierre et d&rsquo;eau que l&rsquo;on ne pr\u00e9sente plus. Dans ce labyrinthe ind\u00e9chiffrable de canaux exigus, de calle, [&hellip;]<\/p>\n","protected":false},"author":2,"featured_media":0,"parent":0,"menu_order":0,"comment_status":"closed","ping_status":"closed","template":"","meta":{"ngg_post_thumbnail":0,"footnotes":""},"class_list":["post-256","page","type-page","status-publish","hentry"],"_links":{"self":[{"href":"https:\/\/www.naef.douce-france.net\/index.php\/wp-json\/wp\/v2\/pages\/256","targetHints":{"allow":["GET"]}}],"collection":[{"href":"https:\/\/www.naef.douce-france.net\/index.php\/wp-json\/wp\/v2\/pages"}],"about":[{"href":"https:\/\/www.naef.douce-france.net\/index.php\/wp-json\/wp\/v2\/types\/page"}],"author":[{"embeddable":true,"href":"https:\/\/www.naef.douce-france.net\/index.php\/wp-json\/wp\/v2\/users\/2"}],"replies":[{"embeddable":true,"href":"https:\/\/www.naef.douce-france.net\/index.php\/wp-json\/wp\/v2\/comments?post=256"}],"version-history":[{"count":0,"href":"https:\/\/www.naef.douce-france.net\/index.php\/wp-json\/wp\/v2\/pages\/256\/revisions"}],"wp:attachment":[{"href":"https:\/\/www.naef.douce-france.net\/index.php\/wp-json\/wp\/v2\/media?parent=256"}],"curies":[{"name":"wp","href":"https:\/\/api.w.org\/{rel}","templated":true}]}}