{"id":227,"date":"2018-12-16T14:19:22","date_gmt":"2018-12-16T13:19:22","guid":{"rendered":"https:\/\/www.georgesnaef.com\/?page_id=227"},"modified":"2018-12-16T14:19:22","modified_gmt":"2018-12-16T13:19:22","slug":"le-nepal","status":"publish","type":"page","link":"https:\/\/www.naef.douce-france.net\/index.php\/le-nepal\/","title":{"rendered":"Le N\u00e9pal"},"content":{"rendered":"<p><span style=\"font-size: 10pt;\"><span style=\"font-family: arial, helvetica, sans-serif; color: #000080;\"><strong><em><img loading=\"lazy\" decoding=\"async\" class=\"size-medium wp-image-228 alignleft\" src=\"https:\/\/www.georgesnaef.com\/wp-content\/uploads\/2018\/12\/N\u00e9pal.-Art-et-civilisation-des-Ranas-246x300.jpg\" alt=\"\" width=\"246\" height=\"300\">Collectif<\/em><\/strong><\/span><\/span><\/p>\n<p style=\"text-align: left;\"><span style=\"font-family: arial, helvetica, sans-serif; font-size: 10pt;\">Le livre unique gr\u00e2ce \u00e0 ses images captivantes et in\u00e9dites pour la plupart, aussi bien anciennes qu&rsquo;actuelles, refl\u00e8te l&rsquo;esprit d&rsquo;une \u00e8re importante de l&rsquo;histoire du royaume du N\u00e9pal. Il recouvre trois si\u00e8cles d&rsquo;histoire de ce pays (du XIXe au XXIe si\u00e8cle) ainsi que le lien indissociable de son histoire avec celle des R\u00e0n\u00e0s. Il suit le r\u00f4le que le clan a jou\u00e9 sur la sc\u00e8ne politique et confirme leur empreinte ind\u00e9l\u00e9bile qui s&rsquo;exprime encore de nos jours. De la fondation de l&rsquo;oligarchie des R\u00e0n\u00e0s au XIXe si\u00e8cle par le jeune R\u00e0n\u00e0 Bahadur \u00e0 nos jours le lecteur d\u00e9couvre l&rsquo;essence de la culture et du mode de vie des R\u00e0n\u00e0s, leurs traditions et coutumes religieuses uniques, leurs costumes et joyaux, leurs palais et leur architecture. Leur r\u00f4le est encore d\u00e9terminant de nos jours par les positions-cl\u00e9s qu&rsquo;ils d\u00e9tiennent dans la vie politique, l&rsquo;industrie et la culture. Richement illustr\u00e9 par des photographies et des peintures de collection de la famille des R\u00e0n\u00e0s, voici l&rsquo;histoire authentique de ce clan fascinant.<\/span><\/p>\n","protected":false},"excerpt":{"rendered":"<p>Collectif Le livre unique gr\u00e2ce \u00e0 ses images captivantes et in\u00e9dites pour la plupart, aussi bien anciennes qu&rsquo;actuelles, refl\u00e8te l&rsquo;esprit d&rsquo;une \u00e8re importante de l&rsquo;histoire du royaume du N\u00e9pal. Il recouvre trois si\u00e8cles d&rsquo;histoire de ce pays (du XIXe au XXIe si\u00e8cle) ainsi que le lien indissociable de son histoire avec celle des R\u00e0n\u00e0s. Il [&hellip;]<\/p>\n","protected":false},"author":2,"featured_media":0,"parent":0,"menu_order":0,"comment_status":"closed","ping_status":"closed","template":"","meta":{"ngg_post_thumbnail":0,"footnotes":""},"class_list":["post-227","page","type-page","status-publish","hentry"],"_links":{"self":[{"href":"https:\/\/www.naef.douce-france.net\/index.php\/wp-json\/wp\/v2\/pages\/227","targetHints":{"allow":["GET"]}}],"collection":[{"href":"https:\/\/www.naef.douce-france.net\/index.php\/wp-json\/wp\/v2\/pages"}],"about":[{"href":"https:\/\/www.naef.douce-france.net\/index.php\/wp-json\/wp\/v2\/types\/page"}],"author":[{"embeddable":true,"href":"https:\/\/www.naef.douce-france.net\/index.php\/wp-json\/wp\/v2\/users\/2"}],"replies":[{"embeddable":true,"href":"https:\/\/www.naef.douce-france.net\/index.php\/wp-json\/wp\/v2\/comments?post=227"}],"version-history":[{"count":0,"href":"https:\/\/www.naef.douce-france.net\/index.php\/wp-json\/wp\/v2\/pages\/227\/revisions"}],"wp:attachment":[{"href":"https:\/\/www.naef.douce-france.net\/index.php\/wp-json\/wp\/v2\/media?parent=227"}],"curies":[{"name":"wp","href":"https:\/\/api.w.org\/{rel}","templated":true}]}}