{"id":1993,"date":"2025-01-24T10:22:53","date_gmt":"2025-01-24T09:22:53","guid":{"rendered":"https:\/\/www.georgesnaef.com\/?page_id=1993"},"modified":"2025-01-24T10:22:53","modified_gmt":"2025-01-24T09:22:53","slug":"atlantide-lutopie-retrouvee","status":"publish","type":"page","link":"https:\/\/www.naef.douce-france.net\/index.php\/atlantide-lutopie-retrouvee\/","title":{"rendered":"Atlantide L&rsquo;utopie retrouv\u00e9e"},"content":{"rendered":"\n<p><\/p>\n\n\n\n<p><\/p>\n\n\n<p><span style=\"font-size: 10pt;\"><span style=\"font-family: arial, helvetica, sans-serif; color: #000080;\"><strong><em><a href=\"https:\/\/www.georgesnaef.com\/nos-nouveautes\/atlantide-couverture\/\"><img loading=\"lazy\" decoding=\"async\" class=\"wp-image-1985 alignleft\" src=\"https:\/\/www.georgesnaef.com\/wp-content\/uploads\/2025\/01\/atlantide-couverture-237x300.jpg\" alt=\"\" width=\"178\" height=\"225\" srcset=\"https:\/\/www.naef.douce-france.net\/wp-content\/uploads\/2025\/01\/atlantide-couverture-237x300.jpg 237w, https:\/\/www.naef.douce-france.net\/wp-content\/uploads\/2025\/01\/atlantide-couverture.jpg 555w\" sizes=\"auto, (max-width: 178px) 100vw, 178px\" \/><\/a><\/em><\/strong><\/span><\/span><span style=\"font-family: arial, helvetica, sans-serif; font-size: 10pt;\"><span style=\"color: #000080;\"><span style=\"color: #000000;\"><strong><em><span style=\"color: #333399;\">S\u00e9verine Ischi<\/span><br><\/em><\/strong>Depuis plus de 2\u2019000 ans, l\u2019Atlantide fascine des hommes de tout horizon, sans<br>qu\u2019ils ne s\u2019accordent sur sa localisation, ni m\u00eame sur son existence. Platon a-t-il<br>imagin\u00e9 l\u2019Atlantide ou s\u2019inspire-t-il de l\u2019ancienne civilisation minoenne ? De<br>Cnossos en Cr\u00eate, cette civilisation a rayonn\u00e9 jusqu\u2019aux palais d\u2019Isra\u00ebl, de Syrie, de<br>Turquie et d\u2019Egypte. Pourtant, en 1613 av J.C., au c\u0153ur de cet immense territoire,<br>l\u2019\u00eele centrale de Santorin fut pulv\u00e9ris\u00e9e par le plus grand cataclysme naturel des 10\u2019000<br>derni\u00e8res ann\u00e9es, l\u2019\u00e9ruption de Th\u00e9ra !<br>LES MINOENS SONT-ILS LES ATLANTES ?<br>Pour y r\u00e9pondre, ce livre confronte les Minoens aux Atlantes, sur la base des<br>textes philosophiques, essentiellement de Platon et des r\u00e9centes et importantes<br>d\u00e9couvertes g\u00e9ologiques, g\u00e9ographiques et arch\u00e9ologiques.<br><\/span><\/span><\/span><span style=\"font-family: arial, helvetica, sans-serif; font-size: 10pt;\"><span style=\"color: #000080;\"><span style=\"color: #000000;\">Atlantide, une utopie ?<br>Pos\u00e9idon fa\u00e7onna, tel un potier, la merveilleuse \u00eele Atlantide, entour\u00e9e d\u2019anneaux<br>concentriques. Ses habitants poss\u00e9daient des richesses au-del\u00e0 de toute mesure. Cette<br>civilisation avait b\u00e2ti des palais, des temples, des canalisations et des bassins pour r\u00e9cup\u00e9rer<br>l\u2019eau de pluie. Leurs pierres de construction \u00e9taient blanches, noires et rouges.<br>Longtemps, les Atlantes v\u00e9curent heureux. Pieux, ils respectaient les lois de Pos\u00e9idon et<br>pratiquaient un sacrifice rituel d\u2019un taureau. Puis leur attitude s\u2019alt\u00e9ra. D\u00e9sireux de poss\u00e9der<br>toujours plus de biens mat\u00e9riels, ils devinrent odieux, au point que Zeus d\u00e9cida de les<br>punir. En un seul jour et une seule nuit funestes, l\u2019Atlantide s\u2019effondra dans la mer.<br><\/span><\/span><\/span><span style=\"font-family: arial, helvetica, sans-serif; font-size: 10pt;\"><span style=\"color: #000080;\"><span style=\"color: #000000;\"><span style=\"color: #ff0000;\"><strong>Parution : Octobre 2025<\/strong><\/span><br><\/span><\/span><\/span><\/p>\n<p>Format 22 x 28 &#8211; 208 pages<\/p>\n<p><span style=\"font-family: arial, helvetica, sans-serif; font-size: 12pt;\"><strong>\u20ac 35&nbsp; &nbsp;CHF 38<\/strong><\/span><\/p>\n<hr>\n<p><span style=\"font-size: 14pt; color: #ff0000;\"><strong>ACHETER (Octobre 2025)<\/strong><\/span><\/p>","protected":false},"excerpt":{"rendered":"<p>S\u00e9verine IschiDepuis plus de 2\u2019000 ans, l\u2019Atlantide fascine des hommes de tout horizon, sansqu\u2019ils ne s\u2019accordent sur sa localisation, ni m\u00eame sur son existence. Platon a-t-ilimagin\u00e9 l\u2019Atlantide ou s\u2019inspire-t-il de l\u2019ancienne civilisation minoenne ? DeCnossos en Cr\u00eate, cette civilisation a rayonn\u00e9 jusqu\u2019aux palais d\u2019Isra\u00ebl, de Syrie, deTurquie et d\u2019Egypte. Pourtant, en 1613 av J.C., au [&hellip;]<\/p>\n","protected":false},"author":2,"featured_media":0,"parent":0,"menu_order":0,"comment_status":"closed","ping_status":"closed","template":"","meta":{"ngg_post_thumbnail":0,"footnotes":""},"class_list":["post-1993","page","type-page","status-publish","hentry"],"_links":{"self":[{"href":"https:\/\/www.naef.douce-france.net\/index.php\/wp-json\/wp\/v2\/pages\/1993","targetHints":{"allow":["GET"]}}],"collection":[{"href":"https:\/\/www.naef.douce-france.net\/index.php\/wp-json\/wp\/v2\/pages"}],"about":[{"href":"https:\/\/www.naef.douce-france.net\/index.php\/wp-json\/wp\/v2\/types\/page"}],"author":[{"embeddable":true,"href":"https:\/\/www.naef.douce-france.net\/index.php\/wp-json\/wp\/v2\/users\/2"}],"replies":[{"embeddable":true,"href":"https:\/\/www.naef.douce-france.net\/index.php\/wp-json\/wp\/v2\/comments?post=1993"}],"version-history":[{"count":0,"href":"https:\/\/www.naef.douce-france.net\/index.php\/wp-json\/wp\/v2\/pages\/1993\/revisions"}],"wp:attachment":[{"href":"https:\/\/www.naef.douce-france.net\/index.php\/wp-json\/wp\/v2\/media?parent=1993"}],"curies":[{"name":"wp","href":"https:\/\/api.w.org\/{rel}","templated":true}]}}