{"id":1983,"date":"2025-01-23T17:09:50","date_gmt":"2025-01-23T16:09:50","guid":{"rendered":"https:\/\/www.georgesnaef.com\/?page_id=1983"},"modified":"2025-08-03T15:09:30","modified_gmt":"2025-08-03T15:09:30","slug":"nos-nouveautes","status":"publish","type":"page","link":"https:\/\/www.naef.douce-france.net\/index.php\/nos-nouveautes\/","title":{"rendered":"Nos nouveaut\u00e9s"},"content":{"rendered":"<p style=\"text-align: center;\"><a href=\"https:\/\/www.georgesnaef.com\/boutique\/\"><em><strong><span style=\"font-size: 16pt;\">Achetez nos \u00e9ditions en ligne<\/span><\/strong><\/em><\/a><\/p>\n<table style=\"height: 161px;\" width=\"754\">\n<tbody>\n<tr>\n<td>\n<p style=\"text-align: left;\"><span style=\"font-family: arial, helvetica, sans-serif; font-size: 10pt;\"><span style=\"color: #000080;\"><span style=\"color: #000000;\"><strong><em><span style=\"color: #333399;\"><a href=\"https:\/\/www.georgesnaef.com\/merveilleux-salins-du-midi\/\"><img loading=\"lazy\" decoding=\"async\" class=\"alignleft wp-image-1984 size-thumbnail\" src=\"https:\/\/www.georgesnaef.com\/wp-content\/uploads\/2025\/01\/couverture-salin-150x150.jpg\" alt=\"merveillex salin du midi\" width=\"150\" height=\"150\"><\/a><span style=\"font-family: arial, helvetica, sans-serif;\">Ariane FORNIA \u2022 Sylvie BRUNEL<\/span><br><\/span><\/em><\/strong><span style=\"font-family: arial, helvetica, sans-serif;\">La Camargue et le sel, c\u2019est une longue histoire\u2026<\/span><br><span style=\"font-family: arial, helvetica, sans-serif;\">N\u00e9e sous le signe du sel, \u00e0 l\u2019ouest du delta du Rh\u00f4ne, l\u2019\u00e9pop\u00e9e du sel est<\/span><br><span style=\"font-family: arial, helvetica, sans-serif;\">romaine et m\u00e9di\u00e9vale.<\/span><br><span style=\"font-family: arial, helvetica, sans-serif;\">Depuis la nuit des temps, Aigues-Morte, d\u2019o\u00f9 partirent les croisades, est<\/span><br><span style=\"font-family: arial, helvetica, sans-serif;\">la ville du sel. Le petit village des Salin-de-Giraud, au bout du monde, qui<\/span><br><span style=\"font-family: arial, helvetica, sans-serif;\">rend amoureux tous ceux qui font souche, a \u00e9t\u00e9 fond\u00e9 pour le sel.<\/span><br><span style=\"font-family: arial, helvetica, sans-serif;\">Ce livre retrace cette merveilleuse aventure qu\u2019est le sel de Camargue.<\/span><br><span style=\"color: #ff0000;\"><strong>Parution : Mai 2025<\/strong><\/span><\/span><\/span><\/span><\/p>\n<\/td>\n<td>\n<p style=\"text-align: left;\">&nbsp;<\/p>\n<\/td>\n<\/tr>\n<tr>\n<td>\n<p><span style=\"font-family: arial, helvetica, sans-serif; font-size: 10pt;\"><span style=\"color: #000080;\"><a href=\"https:\/\/www.georgesnaef.com\/atlantide-lutopie-retrouvee\/\"><img loading=\"lazy\" decoding=\"async\" class=\"alignleft wp-image-1985 size-thumbnail\" src=\"https:\/\/www.georgesnaef.com\/wp-content\/uploads\/2025\/01\/atlantide-couverture-150x150.jpg\" alt=\"atlantide\" width=\"150\" height=\"150\"><\/a><span style=\"color: #000000;\"><strong><em><span style=\"color: #333399;\">S\u00e9verine Ischi<\/span><br><\/em><\/strong><\/span><\/span>Depuis plus de 2\u2019000 ans, l\u2019Atlantide fascine des hommes de tout horizon, sans<br>qu\u2019ils ne s\u2019accordent sur sa localisation, ni m\u00eame sur son existence. Platon a-t-il<br>imagin\u00e9 l\u2019Atlantide ou s\u2019inspire-t-il de l\u2019ancienne civilisation minoenne ? De<br>Cnossos en Cr\u00eate, cette civilisation a rayonn\u00e9 jusqu\u2019aux palais d\u2019Isra\u00ebl, de Syrie, de<br>Turquie et d\u2019Egypte. Pourtant, en 1613 av J.C., au c\u0153ur de cet immense territoire,<br>l\u2019\u00eele centrale de Santorin fut pulv\u00e9ris\u00e9e par le plus grand cataclysme naturel des 10\u2019000<br>derni\u00e8res ann\u00e9es, l\u2019\u00e9ruption de Th\u00e9ra !<br>LES MINOENS SONT-ILS LES ATLANTES ?<br>Pour y r\u00e9pondre, ce livre confronte les Minoens aux Atlantes, sur la base des<br>textes philosophiques, essentiellement de Platon et des r\u00e9centes et importantes<br>d\u00e9couvertes g\u00e9ologiques, g\u00e9ographiques et arch\u00e9ologiques.<br><span style=\"color: #ff0000;\"><strong>Parution : Octobre 2025<\/strong><\/span><\/span><\/p>\n<\/td>\n<td>\n<p>&nbsp;<\/p>\n<\/td>\n<\/tr>\n<\/tbody>\n<\/table>\n\n\n<p><\/p>\n","protected":false},"excerpt":{"rendered":"<p>Achetez nos \u00e9ditions en ligne Ariane FORNIA \u2022 Sylvie BRUNELLa Camargue et le sel, c\u2019est une longue histoire\u2026N\u00e9e sous le signe du sel, \u00e0 l\u2019ouest du delta du Rh\u00f4ne, l\u2019\u00e9pop\u00e9e du sel estromaine et m\u00e9di\u00e9vale.Depuis la nuit des temps, Aigues-Morte, d\u2019o\u00f9 partirent les croisades, estla ville du sel. Le petit village des Salin-de-Giraud, au bout [&hellip;]<\/p>\n","protected":false},"author":2,"featured_media":0,"parent":0,"menu_order":0,"comment_status":"closed","ping_status":"closed","template":"","meta":{"ngg_post_thumbnail":0,"footnotes":""},"class_list":["post-1983","page","type-page","status-publish","hentry"],"_links":{"self":[{"href":"https:\/\/www.naef.douce-france.net\/index.php\/wp-json\/wp\/v2\/pages\/1983","targetHints":{"allow":["GET"]}}],"collection":[{"href":"https:\/\/www.naef.douce-france.net\/index.php\/wp-json\/wp\/v2\/pages"}],"about":[{"href":"https:\/\/www.naef.douce-france.net\/index.php\/wp-json\/wp\/v2\/types\/page"}],"author":[{"embeddable":true,"href":"https:\/\/www.naef.douce-france.net\/index.php\/wp-json\/wp\/v2\/users\/2"}],"replies":[{"embeddable":true,"href":"https:\/\/www.naef.douce-france.net\/index.php\/wp-json\/wp\/v2\/comments?post=1983"}],"version-history":[{"count":1,"href":"https:\/\/www.naef.douce-france.net\/index.php\/wp-json\/wp\/v2\/pages\/1983\/revisions"}],"predecessor-version":[{"id":2100,"href":"https:\/\/www.naef.douce-france.net\/index.php\/wp-json\/wp\/v2\/pages\/1983\/revisions\/2100"}],"wp:attachment":[{"href":"https:\/\/www.naef.douce-france.net\/index.php\/wp-json\/wp\/v2\/media?parent=1983"}],"curies":[{"name":"wp","href":"https:\/\/api.w.org\/{rel}","templated":true}]}}